{"id":677,"date":"2023-09-27T07:17:27","date_gmt":"2023-09-27T07:17:27","guid":{"rendered":"https:\/\/indanceautism.eu\/despre\/"},"modified":"2024-03-08T08:54:00","modified_gmt":"2024-03-08T08:54:00","slug":"despre","status":"publish","type":"page","link":"https:\/\/indanceautism.eu\/ro\/despre\/","title":{"rendered":"Despre"},"content":{"rendered":"<div class=\"wpb-content-wrapper\">[vc_row full_width=&#8221;stretch_row_content_no_spaces&#8221; css=&#8221;.vc_custom_1699449941400{background-image: url(https:\/\/indanceautism.eu\/wp-content\/uploads\/2023\/11\/teenagers-scaled.jpg?id=281) !important;background-position: center !important;background-repeat: no-repeat !important;background-size: cover !important;}&#8221; min_height=&#8221;900&#8243;][vc_column][\/vc_column][\/vc_row][vc_row full_width=&#8221;stretch_row_content_no_spaces&#8221; column_spacing=&#8221;0px&#8221; equal_height=&#8221;yes&#8221; css=&#8221;.vc_custom_1709730395765{margin-bottom: 40px !important;}&#8221; min_height=&#8221;700&#8243; visibility=&#8221;visible-desktop&#8221;][vc_column width=&#8221;2\/3&#8243; css=&#8221;.vc_custom_1699369213205{background-image: url(https:\/\/indanceautism.eu\/wp-content\/uploads\/2023\/11\/eae32f_49c24d37852b48db823cd88f08c460e8mv2.webp?id=232) !important;background-position: center !important;background-repeat: no-repeat !important;background-size: cover !important;}&#8221;][vc_empty_space][vc_column_text color=&#8221;#ffffff&#8221;]\n<p style=\"padding-left: 160px;\"><span style=\"font-size: 36px;\">Context<\/span><\/p>\n<p style=\"padding-left: 160px;\"><span style=\"font-size: 18px;\">Persoanele cu autism din Grecia, au acces limitat la programe de dans, deoarece nu exist\u0103<\/span><br \/>\n<span style=\"font-size: 18px;\">este lipsa unor studiouri de dans \u0219i a unor cluburi de sport artistic incluzive. Persoane autiste<\/span><br \/>\n<span style=\"font-size: 18px;\">prezint\u0103 riscul unui stil de via\u021b\u0103 inactiv, al unui comportament sedentar \u0219i al obezit\u0103\u021bii.<\/span><br \/>\n<span style=\"font-size: 18px;\">Participarea la programe de activitate fizic\u0103 va aduce beneficii sociale \u0219i<\/span><br \/>\n<span style=\"font-size: 18px;\">consolidarea abilit\u0103\u021bilor-dezvoltare la persoanele autiste care locuiesc \u00een capitala \u021b\u0103rii.<\/span><br \/>\n<span style=\"font-size: 18px;\">Grecia.<\/span><\/p>\n<p style=\"padding-left: 160px;\"><span style=\"font-size: 18px;\">Acest proiect \u00ee\u0219i propune s\u0103 rezolve problema lipsei de activit\u0103\u021bi de dans organizate pentru<\/span><br \/>\n<span style=\"font-size: 18px;\">persoane cu spectru autist din Atena, prin livrarea unui curs educa\u021bional.<\/span><br \/>\n<span style=\"font-size: 18px;\">pentru profesioni\u0219tii din domeniul dansului, pentru a-\u0219i spori cuno\u0219tin\u021bele \u0219i expertiza.<\/span><br \/>\n<span style=\"font-size: 18px;\">\u00cen plus, \u00een cadrul unui proiect pilot se vor desf\u0103\u0219ura activit\u0103\u021bi comune de dans \u00eentr-o sal\u0103 de dans.<\/span><br \/>\n<span style=\"font-size: 18px;\">mediul \u00eenconjur\u0103tor \u0219i \u00een natur\u0103, de asemenea. Aceast\u0103 metodologie de formare are ca scop promovarea<\/span><br \/>\n<span style=\"font-size: 18px;\">competen\u021be fizice, cre\u0219te creativitatea, pl\u0103cerea \u0219i natura<\/span><br \/>\n<span style=\"font-size: 18px;\">conectivitate la persoanele cu \u0219i f\u0103r\u0103 autism, pe baza unor analize personale.<\/span><br \/>\n<span style=\"font-size: 18px;\">comunicare a tuturor participan\u021bilor. &#8222;Pove\u0219tile noastre de dans&#8221; va ar\u0103ta, de asemenea, modul \u00een care<\/span><br \/>\n<span style=\"font-size: 18px;\">arta dansului este o modalitate ideal\u0103 at\u00e2t pentru persoanele cu autism c\u00e2t \u0219i pentru cele f\u0103r\u0103 autism de a<\/span><br \/>\n<span style=\"font-size: 18px;\">s\u0103 se men\u021bin\u0103 \u00een form\u0103 \u00een timp ce se distreaz\u0103, socializeaz\u0103 \u0219i \u00ee\u0219i exprim\u0103 sentimentele \u00eempreun\u0103.<\/span><\/p>\n[\/vc_column_text][\/vc_column][vc_column width=&#8221;1\/3&#8243; css=&#8221;.vc_custom_1699450152011{background-image: url(https:\/\/indanceautism.eu\/wp-content\/uploads\/2023\/11\/expressive-dance-beautiful-red-haired-teacher-blue-jeans-student-wearing-black-shorts-spending-time-dance-studio-scaled.jpg?id=282) !important;background-position: center !important;background-repeat: no-repeat !important;background-size: cover !important;}&#8221;][\/vc_column][\/vc_row][vc_row full_width=&#8221;stretch_row_content_no_spaces&#8221; column_spacing=&#8221;0px&#8221; equal_height=&#8221;yes&#8221; min_height=&#8221;700&#8243; visibility=&#8221;hidden-desktop&#8221;][vc_column width=&#8221;2\/3&#8243; css=&#8221;.vc_custom_1709730568953{padding-right: 20px !important;padding-left: 20px !important;background-image: url(https:\/\/indanceautism.eu\/wp-content\/uploads\/2023\/11\/eae32f_49c24d37852b48db823cd88f08c460e8mv2.webp?id=232) !important;background-position: center !important;background-repeat: no-repeat !important;background-size: cover !important;}&#8221;][vc_empty_space][vc_column_text color=&#8221;#ffffff&#8221;]\n<p style=\"text-align: center;\"><span style=\"font-size: 36px;\">Context<\/span><\/p>\n<p style=\"text-align: justify;\"><span style=\"font-size: 18px;\">Persoanele cu autism din Grecia, au acces limitat la programe de dans, deoarece nu exist\u0103  <\/span><span style=\"font-size: 18px;\">este lipsa unor studiouri de dans \u0219i a unor cluburi de sport artistic incluzive. Persoane autiste  <\/span><span style=\"font-size: 18px;\">prezint\u0103 riscul unui stil de via\u021b\u0103 inactiv, al unui comportament sedentar \u0219i al obezit\u0103\u021bii. <\/span><span style=\"font-size: 18px;\">Participarea la programe de activitate fizic\u0103 va aduce beneficii sociale \u0219i <\/span><span style=\"font-size: 18px;\">consolida dezvoltarea abilit\u0103\u021bilor la persoanele autiste care locuiesc \u00een capitala \u021b\u0103rii. <\/span><span style=\"font-size: 18px;\">Grecia.<\/span><\/p>\n<p style=\"text-align: justify;\"><span style=\"font-size: 18px;\">Acest proiect \u00ee\u0219i propune s\u0103 rezolve problema lipsei de activit\u0103\u021bi de dans organizate pentru <\/span><span style=\"font-size: 18px;\">persoanele cu spectru autist din Atena, prin furnizarea unui curs educa\u021bional <\/span><span style=\"font-size: 18px;\">pentru profesioni\u0219tii din domeniul dansului, pentru a le spori cuno\u0219tin\u021bele \u0219i expertiza. <\/span><span style=\"font-size: 18px;\">\u00cen plus, \u00een cadrul unui proiect pilot se vor desf\u0103\u0219ura activit\u0103\u021bi comune de dans \u00eentr-o sal\u0103 de <\/span> <span style=\"font-size: 18px;\">mediul \u00eenconjur\u0103tor \u0219i \u00een natur\u0103, de asemenea. Aceast\u0103 metodologie de formare are ca scop promovarea  <\/span><span style=\"font-size: 18px;\">competen\u021be fizice, cre\u0219te creativitatea, pl\u0103cerea \u0219i natura  <\/span><span style=\"font-size: 18px;\">conectivitate la persoanele cu \u0219i f\u0103r\u0103 autism, pe baza unor analize personale.  <\/span><span style=\"font-size: 18px;\">comunicare a tuturor participan\u021bilor. &#8222;Pove\u0219tile noastre de dans&#8221; va ar\u0103ta, de asemenea, modul \u00een care  <\/span><span style=\"font-size: 18px;\">arta dansului este o modalitate ideal\u0103 at\u00e2t pentru persoanele cu autism c\u00e2t \u0219i pentru cele f\u0103r\u0103 autism de a  <\/span><span style=\"font-size: 18px;\">s\u0103 se men\u021bin\u0103 \u00een form\u0103 \u00een timp ce se distreaz\u0103, socializeaz\u0103 \u0219i \u00ee\u0219i exprim\u0103 sentimentele \u00eempreun\u0103.<\/span><\/p>\n[\/vc_column_text][vc_empty_space][\/vc_column][vc_column width=&#8221;1\/3&#8243;][vc_single_image image=&#8221;282&#8243;][vc_empty_space][\/vc_column][\/vc_row][vc_row full_width=&#8221;stretch_row_content&#8221; equal_height=&#8221;yes&#8221; css=&#8221;.vc_custom_1699370460447{margin-bottom: 50px !important;padding-right: 20px !important;padding-left: 20px !important;}&#8221;][vc_column width=&#8221;1\/5&#8243; css=&#8221;.vc_custom_1699370177763{border-top-width: 1px !important;border-right-width: 1px !important;border-bottom-width: 1px !important;border-left-width: 1px !important;background-image: url(https:\/\/indanceautism.eu\/wp-content\/uploads\/2023\/11\/eae32f_9e166f2f9d9c46cbbcd306fd5ffe3df1mv2.webp?id=255) !important;background-position: center !important;background-repeat: no-repeat !important;background-size: cover !important;border-left-color: #7641ab !important;border-left-style: solid !important;border-right-color: #7641ab !important;border-right-style: solid !important;border-top-color: #7641ab !important;border-top-style: solid !important;border-bottom-color: #7641ab !important;border-bottom-style: solid !important;}&#8221;][vc_empty_space height=&#8221;40px&#8221;][vc_column_text color=&#8221;#ffed50&#8243;]\n<p style=\"text-align: center;\"><span style=\"font-size: 24px;\">+<\/span><\/p>\n[\/vc_column_text][vc_empty_space height=&#8221;10px&#8221;][vc_column_text color=&#8221;#ffed50&#8243;]\n<p style=\"text-align: center;\">abordare holistic\u0103<\/p>\n[\/vc_column_text][vc_empty_space height=&#8221;100px&#8221;][\/vc_column][vc_column width=&#8221;1\/5&#8243; css=&#8221;.vc_custom_1699370330292{background-color: #3255bf !important;}&#8221;][vc_empty_space height=&#8221;40px&#8221;][vc_column_text color=&#8221;#ffed50&#8243;]\n<p style=\"text-align: center;\"><span style=\"font-size: 24px;\">+<\/span><\/p>\n[\/vc_column_text][vc_empty_space height=&#8221;10px&#8221;][vc_column_text color=&#8221;#ffed50&#8243;]\n<p style=\"text-align: center;\">dezvoltarea competen\u021belor<br \/>\nla persoanele autiste<\/p>\n[\/vc_column_text][vc_empty_space height=&#8221;100px&#8221;][\/vc_column][vc_column width=&#8221;1\/5&#8243; css=&#8221;.vc_custom_1699370352135{background-image: url(https:\/\/indanceautism.eu\/wp-content\/uploads\/2023\/11\/eae32f_56ca2376bc0b4f99baa0e9c8d39cdf7fmv2.webp?id=256) !important;background-position: center !important;background-repeat: no-repeat !important;background-size: cover !important;}&#8221;][vc_empty_space height=&#8221;40px&#8221;][vc_column_text color=&#8221;#ffed50&#8243;]\n<p style=\"text-align: center;\"><span style=\"font-size: 24px;\">+<\/span><\/p>\n[\/vc_column_text][vc_empty_space height=&#8221;10px&#8221;][vc_column_text color=&#8221;#ffed50&#8243;]\n<p style=\"text-align: center;\">dezvoltarea de<br \/>\nexpertiz\u0103 \u00een<br \/>\nprofesioni\u0219ti<\/p>\n[\/vc_column_text][vc_empty_space height=&#8221;100px&#8221;][\/vc_column][vc_column width=&#8221;1\/5&#8243; css=&#8221;.vc_custom_1699370336892{background-color: #3255bf !important;}&#8221;][vc_empty_space height=&#8221;40px&#8221;][vc_column_text color=&#8221;#ffed50&#8243;]\n<p style=\"text-align: center;\"><span style=\"font-size: 24px;\">+<\/span><\/p>\n[\/vc_column_text][vc_empty_space height=&#8221;10px&#8221;][vc_column_text color=&#8221;#ffed50&#8243;]\n<p style=\"text-align: center;\">cre\u0219terea publicului<br \/>\ncon\u0219tientizarea handicapului<\/p>\n[\/vc_column_text][vc_empty_space height=&#8221;100px&#8221;][\/vc_column][vc_column width=&#8221;1\/5&#8243; css=&#8221;.vc_custom_1699370362557{background-image: url(https:\/\/indanceautism.eu\/wp-content\/uploads\/2023\/11\/viber_image_2023-11-03_13-03-58-621.jpg?id=242) !important;background-position: center !important;background-repeat: no-repeat !important;background-size: cover !important;}&#8221;][vc_empty_space height=&#8221;40px&#8221;][vc_column_text color=&#8221;#ffed50&#8243;]\n<p style=\"text-align: center;\"><span style=\"font-size: 24px;\">+<\/span><\/p>\n[\/vc_column_text][vc_empty_space height=&#8221;10px&#8221;][vc_column_text color=&#8221;#ffed50&#8243;]\n<p style=\"text-align: center;\">\u00eembun\u0103t\u0103\u021be\u0219te digitalul<br \/>\ncompeten\u021be de alfabetizare \u0219i<br \/>\nconectivitatea cu natura<\/p>\n[\/vc_column_text][vc_empty_space height=&#8221;100px&#8221;][\/vc_column][\/vc_row][vc_row full_width=&#8221;stretch_row_content&#8221; equal_height=&#8221;yes&#8221; css=&#8221;.vc_custom_1699006959026{padding-right: 20px !important;padding-bottom: 50px !important;padding-left: 20px !important;}&#8221;][vc_column typography_style=&#8221;white&#8221; width=&#8221;1\/4&#8243; css=&#8221;.vc_custom_1699006618237{background-image: url(https:\/\/indanceautism.eu\/wp-content\/uploads\/2023\/11\/eae32f_49c24d37852b48db823cd88f08c460e8mv2.webp?id=232) !important;background-position: center !important;background-repeat: no-repeat !important;background-size: cover !important;}&#8221;][vc_empty_space height=&#8221;50px&#8221;]<figure class=\"vcex-image vcex-module wpex-text-left\"><div class=\"vcex-image-inner wpex-relative wpex-inline-block\"><img width=\"177\" height=\"91\" src=\"https:\/\/i0.wp.com\/indanceautism.eu\/wp-content\/uploads\/2023\/11\/finals-02.webp?fit=177%2C91&amp;ssl=1\" class=\"vcex-image-img wpex-align-middle\" alt=\"\" loading=\"lazy\" decoding=\"async\" \/><\/div><\/figure>[vc_column_text]Eu sunt bloc de text. Face\u021bi clic pe butonul de editare pentru a modifica acest text.<br \/>\nLorem ipsum dolor sit amet, consectetur adipiscing elit.<br \/>\nUt elit tellus, luctus nec ullamcorper mattis, pulvinar dapibus leo.[\/vc_column_text][vc_empty_space]<style>.vcex-social-links.vcex_69f2b35c80425{font-size:20px;}<\/style><div class=\"vcex-social-links vcex-module wpex-flex wpex-flex-wrap wpex-social-btns vcex-social-btns wpex-items-center wpex-gap-5 wpex-last-mr-0 vcex_69f2b35c80425\"><a href=\"#\" class=\"vcex-social-links__item wpex-social-btn wpex-social-btn-no-style wpex-facebook\"><span class=\"vcex-social-links__icon wpex-icon\" aria-hidden=\"true\"><svg xmlns=\"http:\/\/www.w3.org\/2000\/svg\" viewBox=\"0 0 512 512\"><path d=\"M512 256C512 114.6 397.4 0 256 0S0 114.6 0 256C0 376 82.7 476.8 194.2 504.5V334.2H141.4V256h52.8V222.3c0-87.1 39.4-127.5 125-127.5c16.2 0 44.2 3.2 55.7 6.4V172c-6-.6-16.5-1-29.6-1c-42 0-58.2 15.9-58.2 57.2V256h83.6l-14.4 78.2H287V510.1C413.8 494.8 512 386.9 512 256h0z\"\/><\/svg><\/span><span class=\"screen-reader-text\">Facebook<\/span><\/a><a href=\"#\" class=\"vcex-social-links__item wpex-social-btn wpex-social-btn-no-style wpex-instagram\"><span class=\"vcex-social-links__icon wpex-icon\" aria-hidden=\"true\"><svg xmlns=\"http:\/\/www.w3.org\/2000\/svg\" viewBox=\"0 0 448 512\"><path d=\"M224.1 141c-63.6 0-114.9 51.3-114.9 114.9s51.3 114.9 114.9 114.9S339 319.5 339 255.9 287.7 141 224.1 141zm0 189.6c-41.1 0-74.7-33.5-74.7-74.7s33.5-74.7 74.7-74.7 74.7 33.5 74.7 74.7-33.6 74.7-74.7 74.7zm146.4-194.3c0 14.9-12 26.8-26.8 26.8-14.9 0-26.8-12-26.8-26.8s12-26.8 26.8-26.8 26.8 12 26.8 26.8zm76.1 27.2c-1.7-35.9-9.9-67.7-36.2-93.9-26.2-26.2-58-34.4-93.9-36.2-37-2.1-147.9-2.1-184.9 0-35.8 1.7-67.6 9.9-93.9 36.1s-34.4 58-36.2 93.9c-2.1 37-2.1 147.9 0 184.9 1.7 35.9 9.9 67.7 36.2 93.9s58 34.4 93.9 36.2c37 2.1 147.9 2.1 184.9 0 35.9-1.7 67.7-9.9 93.9-36.2 26.2-26.2 34.4-58 36.2-93.9 2.1-37 2.1-147.8 0-184.8zM398.8 388c-7.8 19.6-22.9 34.7-42.6 42.6-29.5 11.7-99.5 9-132.1 9s-102.7 2.6-132.1-9c-19.6-7.8-34.7-22.9-42.6-42.6-11.7-29.5-9-99.5-9-132.1s-2.6-102.7 9-132.1c7.8-19.6 22.9-34.7 42.6-42.6 29.5-11.7 99.5-9 132.1-9s102.7-2.6 132.1 9c19.6 7.8 34.7 22.9 42.6 42.6 11.7 29.5 9 99.5 9 132.1s2.7 102.7-9 132.1z\"\/><\/svg><\/span><span class=\"screen-reader-text\">Instagram<\/span><\/a><a href=\"#\" class=\"vcex-social-links__item wpex-social-btn wpex-social-btn-no-style wpex-youtube\"><span class=\"vcex-social-links__icon wpex-icon\" aria-hidden=\"true\"><svg xmlns=\"http:\/\/www.w3.org\/2000\/svg\" viewBox=\"0 0 576 512\"><path d=\"M549.7 124.1c-6.3-23.7-24.8-42.3-48.3-48.6C458.8 64 288 64 288 64S117.2 64 74.6 75.5c-23.5 6.3-42 24.9-48.3 48.6-11.4 42.9-11.4 132.3-11.4 132.3s0 89.4 11.4 132.3c6.3 23.7 24.8 41.5 48.3 47.8C117.2 448 288 448 288 448s170.8 0 213.4-11.5c23.5-6.3 42-24.2 48.3-47.8 11.4-42.9 11.4-132.3 11.4-132.3s0-89.4-11.4-132.3zm-317.5 213.5V175.2l142.7 81.2-142.7 81.2z\"\/><\/svg><\/span><span class=\"screen-reader-text\">YouTube<\/span><\/a><\/div>[vc_empty_space height=&#8221;50px&#8221;][\/vc_column][vc_column typography_style=&#8221;white&#8221; width=&#8221;1\/2&#8243; wpex_fixed_bg=&#8221;fixed&#8221; css=&#8221;.vc_custom_1699006887891{padding-left: 50px !important;background-color: #3255bf !important;}&#8221;][vc_empty_space height=&#8221;50px&#8221;][vc_column_text]<span style=\"font-size: 21px;\">Avem at\u00e2t de multe lucruri interesante \u00een desf\u0103\u0219urare,<\/span><br \/>\n<span style=\"font-size: 21px;\">fii primul care afl\u0103!<\/span>[\/vc_column_text][vc_empty_space height=&#8221;15px&#8221;]<style>.vcex-newsletter-form.vcex_69f2b35c81a35 .vcex-newsletter-form-wrap{width:450px;}.vcex-newsletter-form.vcex_69f2b35c81a35 input{background:#9267bc;color:#ffffff;}.vcex-newsletter-form.vcex_69f2b35c81a35 .vcex-newsletter-form-button{background:#ffffff;color:#9267bc;}.vcex-newsletter-form.vcex_69f2b35c81a35 .vcex-newsletter-form-button:hover{background:#000000;color:#ffffff;}<\/style><div class=\"vcex-newsletter-form vcex-module wpex-flex wpex-max-w-100 wpex-justify-start vcex_69f2b35c81a35\"><div class=\"vcex-newsletter-form-wrap\"><form action=\"\" method=\"post\" class=\"wpex-flex\"><label class=\"vcex-newsletter-form-label wpex-text-current wpex-flex-grow\"><span class=\"screen-reader-text\">Introduce\u021bi e-mailul dvs. aici*<\/span><input class=\"vcex-newsletter-form-input\" type=\"email\" name=\"EMAIL\" placeholder=\"Introduce\u021bi e-mailul dvs. aici*\" autocomplete=\"off\" required><\/label><button type=\"submit\" value=\"\" class=\"vcex-newsletter-form-button wpex-flex-shrink-0 theme-button\">Trimite\u021bi<\/button><\/form><\/div><\/div>[vc_empty_space][vc_column_text]<span class=\"wixui-rich-text__text\"><span class=\"color_36 wixui-rich-text__text\">\u00a9 2023<\/span><\/span>[\/vc_column_text][vc_empty_space height=&#8221;50px&#8221;][\/vc_column][vc_column typography_style=&#8221;white&#8221; width=&#8221;1\/4&#8243; css=&#8221;.vc_custom_1699006904049{padding-left: 100px !important;background-color: #3255bf !important;}&#8221;][vc_empty_space height=&#8221;50px&#8221;][vc_column_text]<span style=\"font-size: 18px;\">Programe<\/span><br \/>\n<span style=\"font-size: 18px;\">Despre<\/span><br \/>\n<span style=\"font-size: 18px;\">Evenimente<\/span><br \/>\n<span style=\"font-size: 18px;\">Ajunge\u021bi afar\u0103<\/span>[\/vc_column_text][vc_empty_space height=&#8221;50px&#8221;][vc_btn title=&#8221;Deveni\u021bi un sponsor&#8221; style=&#8221;classic&#8221; shape=&#8221;square&#8221; color=&#8221;black&#8221; align=&#8221;left&#8221;][\/vc_column][\/vc_row]\n<\/div>","protected":false},"excerpt":{"rendered":"<p>[vc_row full_width=&#8221;stretch_row_content_no_spaces&#8221; css=&#8221;.vc_custom_1699449941400{background-image: url(https:\/\/indanceautism.eu\/wp-content\/uploads\/2023\/11\/teenagers-scaled.jpg?id=281) !important;background-position: center !important;background-repeat: no-repeat !important;background-size: cover !important;}&#8221; min_height=&#8221;900&#8243;][vc_column][\/vc_column][\/vc_row][vc_row full_width=&#8221;stretch_row_content_no_spaces&#8221; column_spacing=&#8221;0px&#8221; equal_height=&#8221;yes&#8221; css=&#8221;.vc_custom_1709730395765{margin-bottom: 40px !important;}&#8221; min_height=&#8221;700&#8243; visibility=&#8221;visible-desktop&#8221;][vc_column width=&#8221;2\/3&#8243; css=&#8221;.vc_custom_1699369213205{background-image: url(https:\/\/indanceautism.eu\/wp-content\/uploads\/2023\/11\/eae32f_49c24d37852b48db823cd88f08c460e8mv2.webp?id=232) !important;background-position: center !important;background-repeat: no-repeat !important;background-size: cover !important;}&#8221;][vc_empty_space][vc_column_text color=&#8221;#ffffff&#8221;] Context Persoanele cu autism din Grecia, au acces limitat la programe de dans, deoarece nu exist\u0103 este lipsa unor studiouri de dans \u0219i a&hellip;<\/p>\n","protected":false},"author":1,"featured_media":0,"parent":0,"menu_order":0,"comment_status":"closed","ping_status":"closed","template":"","meta":{"footnotes":""},"class_list":["post-677","page","type-page","status-publish","hentry","entry","no-media"],"jetpack_sharing_enabled":true,"_links":{"self":[{"href":"https:\/\/indanceautism.eu\/ro\/wp-json\/wp\/v2\/pages\/677","targetHints":{"allow":["GET"]}}],"collection":[{"href":"https:\/\/indanceautism.eu\/ro\/wp-json\/wp\/v2\/pages"}],"about":[{"href":"https:\/\/indanceautism.eu\/ro\/wp-json\/wp\/v2\/types\/page"}],"author":[{"embeddable":true,"href":"https:\/\/indanceautism.eu\/ro\/wp-json\/wp\/v2\/users\/1"}],"replies":[{"embeddable":true,"href":"https:\/\/indanceautism.eu\/ro\/wp-json\/wp\/v2\/comments?post=677"}],"version-history":[{"count":2,"href":"https:\/\/indanceautism.eu\/ro\/wp-json\/wp\/v2\/pages\/677\/revisions"}],"predecessor-version":[{"id":679,"href":"https:\/\/indanceautism.eu\/ro\/wp-json\/wp\/v2\/pages\/677\/revisions\/679"}],"wp:attachment":[{"href":"https:\/\/indanceautism.eu\/ro\/wp-json\/wp\/v2\/media?parent=677"}],"curies":[{"name":"wp","href":"https:\/\/api.w.org\/{rel}","templated":true}]}}